{"id":12723,"date":"2021-02-01T13:53:52","date_gmt":"2021-02-01T12:53:52","guid":{"rendered":"https:\/\/europe-rigid.com\/portfolio\/telecommande\/"},"modified":"2021-02-03T09:40:26","modified_gmt":"2021-02-03T08:40:26","slug":"telecommande","status":"publish","type":"portfolio","link":"https:\/\/europe-rigid.com\/fr\/portfolio\/telecommande\/","title":{"rendered":"T\u00e9l\u00e9commande"},"content":{"rendered":"\t\t<div data-elementor-type=\"wp-post\" data-elementor-id=\"12723\" class=\"elementor elementor-12723\" data-elementor-post-type=\"portfolio\">\n\t\t\t\t\t\t<section class=\"elementor-section elementor-top-section elementor-element elementor-element-ca0fa6d elementor-section-content-middle elementor-section-boxed elementor-section-height-default elementor-section-height-default\" data-id=\"ca0fa6d\" data-element_type=\"section\" data-e-type=\"section\">\n\t\t\t\t\t\t<div class=\"elementor-container elementor-column-gap-default\">\n\t\t\t\t\t<div class=\"elementor-column elementor-col-66 elementor-top-column elementor-element elementor-element-e0e6d0b\" data-id=\"e0e6d0b\" data-element_type=\"column\" data-e-type=\"column\">\n\t\t\t<div class=\"elementor-widget-wrap elementor-element-populated\">\n\t\t\t\t\t\t<div class=\"elementor-element elementor-element-718f40b elementor-widget elementor-widget-theme-post-title elementor-page-title elementor-widget-heading\" data-id=\"718f40b\" data-element_type=\"widget\" data-e-type=\"widget\" data-widget_type=\"theme-post-title.default\">\n\t\t\t\t\t<h1 class=\"elementor-heading-title elementor-size-default\">T\u00e9l\u00e9commande<\/h1>\t\t\t\t<\/div>\n\t\t\t\t<div class=\"elementor-element elementor-element-82dc582 elementor-widget elementor-widget-text-editor\" data-id=\"82dc582\" data-element_type=\"widget\" data-e-type=\"widget\" data-widget_type=\"text-editor.default\">\n\t\t\t\t\t\t\t\t\t<p><strong>La radiocommande de l\u00b4appareil de levage de traction pour le transport de personnes assure une plus grande s\u00e9curit\u00e9 et convient \u00e0 l&rsquo;installation invers\u00e9e de l\u00b4appareil de levage sur les plafonds des cages d&rsquo;ascenseur ou pour une utilisation sur des plates-formes suspendues<\/strong><\/p>\n\t\t\t\t\t\t\t\t<\/div>\n\t\t\t\t<div class=\"elementor-element elementor-element-67d20f2 elementor-widget elementor-widget-button\" data-id=\"67d20f2\" data-element_type=\"widget\" data-e-type=\"widget\" data-widget_type=\"button.default\">\n\t\t\t\t\t\t\t\t\t\t<a class=\"elementor-button elementor-button-link elementor-size-md\" href=\"https:\/\/europe-rigid.com\/fr\/contact\/\">\n\t\t\t\t\t\t<span class=\"elementor-button-content-wrapper\">\n\t\t\t\t\t\t<span class=\"elementor-button-icon\">\n\t\t\t\t\t\t\t\t\t<i class=\"fa fa-long-arrow-right\" aria-hidden=\"true\"><\/i>\n\t\t\t\t\t\t\t<\/span>\n\t\t\t\t\t\t\t\t\t<span class=\"elementor-button-text\">Contact us<\/span>\n\t\t\t\t\t<\/span>\n\t\t\t\t\t<\/a>\n\t\t\t\t\t\t\t\t<\/div>\n\t\t\t\t\t<\/div>\n\t\t<\/div>\n\t\t\t\t<div class=\"elementor-column elementor-col-33 elementor-top-column elementor-element elementor-element-92bdaee\" data-id=\"92bdaee\" data-element_type=\"column\" data-e-type=\"column\">\n\t\t\t<div class=\"elementor-widget-wrap elementor-element-populated\">\n\t\t\t\t\t\t<div class=\"elementor-element elementor-element-b2ce1e8 elementor-widget elementor-widget-theme-post-featured-image elementor-widget-image\" data-id=\"b2ce1e8\" data-element_type=\"widget\" data-e-type=\"widget\" data-widget_type=\"theme-post-featured-image.default\">\n\t\t\t\t\t\t\t\t\t\t\t\t\t\t\t<img fetchpriority=\"high\" decoding=\"async\" width=\"1024\" height=\"768\" src=\"https:\/\/europe-rigid.com\/wp-content\/uploads\/2020\/09\/Remote-control-CE-1024x768.jpg\" class=\"attachment-large size-large wp-image-11512\" alt=\"\" srcset=\"https:\/\/europe-rigid.com\/wp-content\/uploads\/2020\/09\/Remote-control-CE-1024x768.jpg 1024w, https:\/\/europe-rigid.com\/wp-content\/uploads\/2020\/09\/Remote-control-CE-300x225.jpg 300w, https:\/\/europe-rigid.com\/wp-content\/uploads\/2020\/09\/Remote-control-CE-768x576.jpg 768w, https:\/\/europe-rigid.com\/wp-content\/uploads\/2020\/09\/Remote-control-CE-1536x1152.jpg 1536w, https:\/\/europe-rigid.com\/wp-content\/uploads\/2020\/09\/Remote-control-CE-1140x855.jpg 1140w, https:\/\/europe-rigid.com\/wp-content\/uploads\/2020\/09\/Remote-control-CE-720x540.jpg 720w, https:\/\/europe-rigid.com\/wp-content\/uploads\/2020\/09\/Remote-control-CE-360x270.jpg 360w, https:\/\/europe-rigid.com\/wp-content\/uploads\/2020\/09\/Remote-control-CE.jpg 1900w\" sizes=\"(max-width: 1024px) 100vw, 1024px\" \/>\t\t\t\t\t\t\t\t\t\t\t\t\t\t\t<\/div>\n\t\t\t\t\t<\/div>\n\t\t<\/div>\n\t\t\t\t\t<\/div>\n\t\t<\/section>\n\t\t\t\t<section class=\"elementor-section elementor-top-section elementor-element elementor-element-f0cb104 elementor-section-boxed elementor-section-height-default elementor-section-height-default\" data-id=\"f0cb104\" data-element_type=\"section\" data-e-type=\"section\">\n\t\t\t\t\t\t<div class=\"elementor-container elementor-column-gap-default\">\n\t\t\t\t\t<div class=\"elementor-column elementor-col-100 elementor-top-column elementor-element elementor-element-fda50d6\" data-id=\"fda50d6\" data-element_type=\"column\" data-e-type=\"column\">\n\t\t\t<div class=\"elementor-widget-wrap elementor-element-populated\">\n\t\t\t\t\t\t<div class=\"elementor-element elementor-element-87e1b11 elementor-widget elementor-widget-text-editor\" data-id=\"87e1b11\" data-element_type=\"widget\" data-e-type=\"widget\" data-widget_type=\"text-editor.default\">\n\t\t\t\t\t\t\t\t\t<\/p>\n<ul>\n<li>Certificat ISO9001, ISO14001<\/li>\n<li>Convient aux appareils de levage de traction \u00e0 une ou deux vitesses pour personnes<\/li>\n<li>Pratique \u00e0 utiliser<\/li>\n<li>Convient \u00e9galement pour l&rsquo;installation invers\u00e9e de v\u00e9rins de traction sur les plafonds des cages d&rsquo;ascenseur<\/li>\n<li>Il a une large gamme d&rsquo;applications pour les plates-formes suspendues<\/li>\n<\/ul>\n\t\t\t\t\t\t\t\t<\/div>\n\t\t\t\t\t<\/div>\n\t\t<\/div>\n\t\t\t\t\t<\/div>\n\t\t<\/section>\n\t\t\t\t<\/div>\n\t\t","protected":false},"excerpt":{"rendered":"<p>La radiocommande de l\u00b4appareil de levage de traction pour le transport de personnes assure une plus grande s\u00e9curit\u00e9 et convient \u00e0 l&rsquo;installation invers\u00e9e de l\u00b4appareil de levage sur les plafonds des cages d&rsquo;ascenseur ou pour une utilisation sur des plates-formes &hellip; <a class=\"kt-excerpt-readmore more-link\" href=\"https:\/\/europe-rigid.com\/fr\/portfolio\/telecommande\/\" aria-label=\"T\u00e9l\u00e9commande\">Read More<\/a><\/p>\n","protected":false},"author":1,"featured_media":11512,"menu_order":0,"comment_status":"open","ping_status":"closed","template":"","portfolio-type":[],"portfolio-tag":[],"class_list":["post-12723","portfolio","type-portfolio","status-publish","has-post-thumbnail","hentry"],"_links":{"self":[{"href":"https:\/\/europe-rigid.com\/fr\/wp-json\/wp\/v2\/portfolio\/12723","targetHints":{"allow":["GET"]}}],"collection":[{"href":"https:\/\/europe-rigid.com\/fr\/wp-json\/wp\/v2\/portfolio"}],"about":[{"href":"https:\/\/europe-rigid.com\/fr\/wp-json\/wp\/v2\/types\/portfolio"}],"author":[{"embeddable":true,"href":"https:\/\/europe-rigid.com\/fr\/wp-json\/wp\/v2\/users\/1"}],"replies":[{"embeddable":true,"href":"https:\/\/europe-rigid.com\/fr\/wp-json\/wp\/v2\/comments?post=12723"}],"version-history":[{"count":3,"href":"https:\/\/europe-rigid.com\/fr\/wp-json\/wp\/v2\/portfolio\/12723\/revisions"}],"predecessor-version":[{"id":12793,"href":"https:\/\/europe-rigid.com\/fr\/wp-json\/wp\/v2\/portfolio\/12723\/revisions\/12793"}],"wp:featuredmedia":[{"embeddable":true,"href":"https:\/\/europe-rigid.com\/fr\/wp-json\/wp\/v2\/media\/11512"}],"wp:attachment":[{"href":"https:\/\/europe-rigid.com\/fr\/wp-json\/wp\/v2\/media?parent=12723"}],"wp:term":[{"taxonomy":"portfolio-type","embeddable":true,"href":"https:\/\/europe-rigid.com\/fr\/wp-json\/wp\/v2\/portfolio-type?post=12723"},{"taxonomy":"portfolio-tag","embeddable":true,"href":"https:\/\/europe-rigid.com\/fr\/wp-json\/wp\/v2\/portfolio-tag?post=12723"}],"curies":[{"name":"wp","href":"https:\/\/api.w.org\/{rel}","templated":true}]}}