{"id":2339,"date":"2019-02-11T12:41:47","date_gmt":"2019-02-11T11:41:47","guid":{"rendered":"http:\/\/europe-rigid.com\/rental\/"},"modified":"2022-09-21T09:35:47","modified_gmt":"2022-09-21T07:35:47","slug":"rental","status":"publish","type":"page","link":"https:\/\/europe-rigid.com\/ro\/rental\/","title":{"rendered":"\u00cenchirieri"},"content":{"rendered":"\t\t<div data-elementor-type=\"wp-post\" data-elementor-id=\"2339\" class=\"elementor elementor-2339\" data-elementor-post-type=\"page\">\n\t\t\t\t\t\t<section class=\"elementor-section elementor-top-section elementor-element elementor-element-27e1ebf elementor-section-boxed elementor-section-height-default elementor-section-height-default\" data-id=\"27e1ebf\" data-element_type=\"section\" data-e-type=\"section\">\n\t\t\t\t\t\t<div class=\"elementor-container elementor-column-gap-default\">\n\t\t\t\t\t<div class=\"elementor-column elementor-col-100 elementor-top-column elementor-element elementor-element-c661f66\" data-id=\"c661f66\" data-element_type=\"column\" data-e-type=\"column\">\n\t\t\t<div class=\"elementor-widget-wrap elementor-element-populated\">\n\t\t\t\t\t\t<div class=\"elementor-element elementor-element-0139aeb elementor-widget elementor-widget-text-editor\" data-id=\"0139aeb\" data-element_type=\"widget\" data-e-type=\"widget\" data-widget_type=\"text-editor.default\">\n\t\t\t\t\t\t\t\t\t<p>Rigid Rent va permite societ\u0103\u021bii Voastre s\u0103 accepte noile provoc\u0103ri f\u0103r\u0103 impact la limita capacit\u0103\u021bilor voastre \u2013 av\u00e2nd, totodat\u0103, control absolut asupra cheltuielilor \u0219i evit\u00e2nd investi\u021bii nedorite. Este o alegere perfect\u0103 atunci c\u00e2nd vre\u021bi s\u0103 evita\u021bi \u00eenghe\u021barea capacit\u0103\u021bii de exploatare \u0219i de capital. Ave\u021bi posibilitate s\u0103 primi\u021bi o comand\u0103 interesant\u0103 dar nu sunte\u021bi sigur, dac\u0103 contractul va fi semnat pentru o perioad\u0103 \u00eendelungat\u0103? Ave\u021bi nevoie s\u0103 m\u0103ri\u021bi temporar num\u0103rul elevatoarelor voastre? Avem pentru voi o solu\u021bie flexibil\u0103. Folosi\u021bi serviciul Rigit Rent. Alege\u021bi-v\u0103 din oferta noastr\u0103 de elevatoare pentru montajul ascensoarelor.&nbsp;<\/p>\n<p>Currently we offer rental of models LTD100 with accessories and with integrated control box &#8211; suitable for elevator sector. Minimum rental period is 2 weeks. Please contact us for more information: sales@europe-rigid.com .<\/p>\n<p>Individual rental conditions possible in case of long-term rental interest of more pieces.<\/p>\n\t\t\t\t\t\t\t\t<\/div>\n\t\t\t\t\t<\/div>\n\t\t<\/div>\n\t\t\t\t\t<\/div>\n\t\t<\/section>\n\t\t\t\t<\/div>\n\t\t","protected":false},"excerpt":{"rendered":"<p>Rigid Rent va permite societ\u0103\u021bii Voastre s\u0103 accepte noile provoc\u0103ri f\u0103r\u0103 impact la limita capacit\u0103\u021bilor voastre \u2013 av\u00e2nd, totodat\u0103, control absolut asupra cheltuielilor \u0219i evit\u00e2nd investi\u021bii nedorite. Este o alegere perfect\u0103 atunci c\u00e2nd vre\u021bi s\u0103 evita\u021bi \u00eenghe\u021barea capacit\u0103\u021bii de exploatare &hellip; <a class=\"kt-excerpt-readmore more-link\" href=\"https:\/\/europe-rigid.com\/ro\/rental\/\" aria-label=\"\u00cenchirieri\">Read More<\/a><\/p>\n","protected":false},"author":1,"featured_media":0,"parent":0,"menu_order":0,"comment_status":"closed","ping_status":"closed","template":"","meta":{"footnotes":""},"class_list":["post-2339","page","type-page","status-publish","hentry"],"_links":{"self":[{"href":"https:\/\/europe-rigid.com\/ro\/wp-json\/wp\/v2\/pages\/2339","targetHints":{"allow":["GET"]}}],"collection":[{"href":"https:\/\/europe-rigid.com\/ro\/wp-json\/wp\/v2\/pages"}],"about":[{"href":"https:\/\/europe-rigid.com\/ro\/wp-json\/wp\/v2\/types\/page"}],"author":[{"embeddable":true,"href":"https:\/\/europe-rigid.com\/ro\/wp-json\/wp\/v2\/users\/1"}],"replies":[{"embeddable":true,"href":"https:\/\/europe-rigid.com\/ro\/wp-json\/wp\/v2\/comments?post=2339"}],"version-history":[{"count":3,"href":"https:\/\/europe-rigid.com\/ro\/wp-json\/wp\/v2\/pages\/2339\/revisions"}],"predecessor-version":[{"id":95815,"href":"https:\/\/europe-rigid.com\/ro\/wp-json\/wp\/v2\/pages\/2339\/revisions\/95815"}],"wp:attachment":[{"href":"https:\/\/europe-rigid.com\/ro\/wp-json\/wp\/v2\/media?parent=2339"}],"curies":[{"name":"wp","href":"https:\/\/api.w.org\/{rel}","templated":true}]}}